{"id":9807,"date":"2021-03-03T10:45:11","date_gmt":"2021-03-03T09:45:11","guid":{"rendered":"https:\/\/www.black-road.fr\/fr\/?page_id=9807"},"modified":"2023-09-07T12:55:25","modified_gmt":"2023-09-07T10:55:25","slug":"conditions-generales-de-vente-3","status":"publish","type":"page","link":"https:\/\/www.black-road.fr\/fr\/conditions-generales-de-vente-3\/","title":{"rendered":"Conditions g\u00e9n\u00e9rales de vente"},"content":{"rendered":"\t\t<div data-elementor-type=\"wp-page\" data-elementor-id=\"9807\" class=\"elementor elementor-9807\">\n\t\t\t\t\t\t<section class=\"elementor-section elementor-top-section elementor-element elementor-element-e3b0a3f elementor-section-boxed elementor-section-height-default elementor-section-height-default\" data-id=\"e3b0a3f\" data-element_type=\"section\" data-e-type=\"section\" data-settings=\"{&quot;background_background&quot;:&quot;classic&quot;}\">\n\t\t\t\t\t\t<div class=\"elementor-container elementor-column-gap-default\">\n\t\t\t\t\t<div class=\"elementor-column elementor-col-100 elementor-top-column elementor-element elementor-element-d20fd04\" data-id=\"d20fd04\" data-element_type=\"column\" data-e-type=\"column\">\n\t\t\t<div class=\"elementor-widget-wrap elementor-element-populated\">\n\t\t\t\t\t\t<div class=\"elementor-element elementor-element-688afcb elementor-widget elementor-widget-spacer\" data-id=\"688afcb\" data-element_type=\"widget\" data-e-type=\"widget\" data-widget_type=\"spacer.default\">\n\t\t\t\t<div class=\"elementor-widget-container\">\n\t\t\t\t\t\t\t<div class=\"elementor-spacer\">\n\t\t\t<div class=\"elementor-spacer-inner\"><\/div>\n\t\t<\/div>\n\t\t\t\t\t\t<\/div>\n\t\t\t\t<\/div>\n\t\t\t\t\t<\/div>\n\t\t<\/div>\n\t\t\t\t\t<\/div>\n\t\t<\/section>\n\t\t\t\t<section class=\"elementor-section elementor-top-section elementor-element elementor-element-147f824 elementor-section-boxed elementor-section-height-default elementor-section-height-default\" data-id=\"147f824\" data-element_type=\"section\" data-e-type=\"section\" data-settings=\"{&quot;background_background&quot;:&quot;classic&quot;}\">\n\t\t\t\t\t\t<div class=\"elementor-container elementor-column-gap-default\">\n\t\t\t\t\t<div class=\"elementor-column elementor-col-100 elementor-top-column elementor-element elementor-element-0cd0d5c\" data-id=\"0cd0d5c\" data-element_type=\"column\" data-e-type=\"column\">\n\t\t\t<div class=\"elementor-widget-wrap elementor-element-populated\">\n\t\t\t\t\t\t<div class=\"elementor-element elementor-element-6b827c8 elementor-widget elementor-widget-heading\" data-id=\"6b827c8\" data-element_type=\"widget\" data-e-type=\"widget\" data-widget_type=\"heading.default\">\n\t\t\t\t<div class=\"elementor-widget-container\">\n\t\t\t\t\t<h2 class=\"elementor-heading-title elementor-size-default\">SERVICE DE CHAUFFEUR PRIV\u00c9 - BLACK ROAD LIMO<\/h2>\t\t\t\t<\/div>\n\t\t\t\t<\/div>\n\t\t\t\t<div class=\"elementor-element elementor-element-77e066f elementor-widget elementor-widget-heading\" data-id=\"77e066f\" data-element_type=\"widget\" data-e-type=\"widget\" data-widget_type=\"heading.default\">\n\t\t\t\t<div class=\"elementor-widget-container\">\n\t\t\t\t\t<h2 class=\"elementor-heading-title elementor-size-default\">Conditions g\u00e9n\u00e9rales de vente <\/h2>\t\t\t\t<\/div>\n\t\t\t\t<\/div>\n\t\t\t\t\t<\/div>\n\t\t<\/div>\n\t\t\t\t\t<\/div>\n\t\t<\/section>\n\t\t\t\t<section class=\"elementor-section elementor-top-section elementor-element elementor-element-961a86f elementor-section-boxed elementor-section-height-default elementor-section-height-default\" data-id=\"961a86f\" data-element_type=\"section\" data-e-type=\"section\" data-settings=\"{&quot;background_background&quot;:&quot;classic&quot;}\">\n\t\t\t\t\t\t<div class=\"elementor-container elementor-column-gap-default\">\n\t\t\t\t\t<div class=\"elementor-column elementor-col-100 elementor-top-column elementor-element elementor-element-ef95892\" data-id=\"ef95892\" data-element_type=\"column\" data-e-type=\"column\">\n\t\t\t<div class=\"elementor-widget-wrap elementor-element-populated\">\n\t\t\t\t\t\t<div class=\"elementor-element elementor-element-54535c0 elementor-widget elementor-widget-spacer\" data-id=\"54535c0\" data-element_type=\"widget\" data-e-type=\"widget\" data-widget_type=\"spacer.default\">\n\t\t\t\t<div class=\"elementor-widget-container\">\n\t\t\t\t\t\t\t<div class=\"elementor-spacer\">\n\t\t\t<div class=\"elementor-spacer-inner\"><\/div>\n\t\t<\/div>\n\t\t\t\t\t\t<\/div>\n\t\t\t\t<\/div>\n\t\t\t\t\t<\/div>\n\t\t<\/div>\n\t\t\t\t\t<\/div>\n\t\t<\/section>\n\t\t\t\t<section class=\"elementor-section elementor-top-section elementor-element elementor-element-9a66d5e elementor-section-boxed elementor-section-height-default elementor-section-height-default\" data-id=\"9a66d5e\" data-element_type=\"section\" data-e-type=\"section\" data-settings=\"{&quot;background_background&quot;:&quot;classic&quot;}\">\n\t\t\t\t\t\t<div class=\"elementor-container elementor-column-gap-default\">\n\t\t\t\t\t<div class=\"elementor-column elementor-col-100 elementor-top-column elementor-element elementor-element-54715be\" data-id=\"54715be\" data-element_type=\"column\" data-e-type=\"column\">\n\t\t\t<div class=\"elementor-widget-wrap elementor-element-populated\">\n\t\t\t\t\t\t<div class=\"elementor-element elementor-element-87d35ed elementor-widget elementor-widget-spacer\" data-id=\"87d35ed\" data-element_type=\"widget\" data-e-type=\"widget\" data-widget_type=\"spacer.default\">\n\t\t\t\t<div class=\"elementor-widget-container\">\n\t\t\t\t\t\t\t<div class=\"elementor-spacer\">\n\t\t\t<div class=\"elementor-spacer-inner\"><\/div>\n\t\t<\/div>\n\t\t\t\t\t\t<\/div>\n\t\t\t\t<\/div>\n\t\t\t\t\t<\/div>\n\t\t<\/div>\n\t\t\t\t\t<\/div>\n\t\t<\/section>\n\t\t\t\t<section class=\"elementor-section elementor-top-section elementor-element elementor-element-057b78c elementor-section-boxed elementor-section-height-default elementor-section-height-default\" data-id=\"057b78c\" data-element_type=\"section\" data-e-type=\"section\" data-settings=\"{&quot;background_background&quot;:&quot;classic&quot;}\">\n\t\t\t\t\t\t<div class=\"elementor-container elementor-column-gap-default\">\n\t\t\t\t\t<div class=\"elementor-column elementor-col-50 elementor-top-column elementor-element elementor-element-a8eba6d\" data-id=\"a8eba6d\" data-element_type=\"column\" data-e-type=\"column\">\n\t\t\t<div class=\"elementor-widget-wrap elementor-element-populated\">\n\t\t\t\t\t\t<div class=\"elementor-element elementor-element-bccc696 elementor-widget elementor-widget-text-editor\" data-id=\"bccc696\" data-element_type=\"widget\" data-e-type=\"widget\" data-widget_type=\"text-editor.default\">\n\t\t\t\t<div class=\"elementor-widget-container\">\n\t\t\t\t\t\t\t\t\t<div class=\"page\" title=\"Page 2\">\n<div class=\"layoutArea\">\n<div class=\"column\">\n<p><span>Toute commande effectue\u0301e aupre\u0300s de la socie\u0301te\u0301 <\/span><span>BLACK ROAD LIMO &#8211; <\/span><span>entrai\u0302ne l<\/span><span>&lsquo;<\/span><span>acceptation des conditions ge\u0301ne\u0301rales de ventes <\/span><span>(<\/span><span>ci<\/span><span>&#8211;<\/span><span>dessous<\/span><span>) <\/span><span>qui font partie inte\u0301grante du contrat de transport signe\u0301 entre BLACK ROAD LIMO et le client<\/span><span>.<\/span><\/p>\n<p>P<i>re\u0301ambule <\/i><i>:<\/i><\/p>\n<p><span>La socie\u0301te\u0301 <\/span><span>BLACK ROAD LIMO <\/span><span>, <\/span><span>de type SAS immatricule\u0301e au registre du commerce et des socie\u0301te\u0301s de NANTERRE sous le nume\u0301ro B 851 544 361 dont le si<\/span><span>e\u0300<\/span><span>ge social est au 151 rue du 1er Mai 92000<\/span><span>, <\/span><span>et immatricule\u0301e au registre des exploitants de voiture de transport avec chauffeur aupre\u0300s du Ministe\u0300re de l<\/span><span>&lsquo;<\/span><span>E\u0301cologie et du de\u0301veloppement durable sous le nume\u0301ro EVTC092200568<\/span><span>, <\/span><span>propo<\/span><span>s<\/span><span>e a\u0300 <\/span><span>s<\/span><span>a c<\/span><span>li<\/span><span>en<\/span><span>t<\/span><span>e\u0300<\/span><span>l<\/span><span>e de professionnels et de particuliers une prestation de location de voiture de transport avec chauffeur<\/span><span>.<\/span><\/p>\n<p><i><span>Objet <\/span><span>:<\/span><\/i><\/p>\n<p><span>Les pre\u0301sentes conditions ge\u0301ne\u0301rales de vente sont conclues entre <\/span><span>:<\/span><\/p>\n<p><span>D<\/span><span>&lsquo;<\/span><span>une part<\/span><span>,<\/span><\/p>\n<p><span>La socie\u0301te\u0301 <\/span><span>BLACK ROAD LIMO<\/span><span>, <\/span><span>ci<\/span><span>&#8211;<\/span><span>apre\u0300s de\u0301nomme\u0301e <\/span><span>\u00ab\u00a0<\/span><span>le vendeur<\/span><span>\u00ab\u00a0<\/span><\/p>\n<p><span>et d<\/span><span>&lsquo;<\/span><span>autre part<\/span><span>,<\/span><\/p>\n<p><span>Toute personne physique ou morale souhaitant recourir aux services de la socie\u0301te\u0301 <\/span><span>BLACK ROAD LIMO<\/span><span>, <\/span><span>ci<\/span><span>&#8211; <\/span><span>apre\u0300s de\u0301nomme\u0301e <\/span><span>\u00ab\u00a0<\/span><span>le client<\/span><span>\u00ab\u00a0<\/span><\/p>\n<p><span>Ensemble de\u0301nomme\u0301es <\/span><span>\u00ab\u00a0<\/span><span>les parties<\/span><span>\u00ab\u00a0<\/span><\/p>\n<p><span>Le vendeur se re\u0301serve le droit de modifier ou d<\/span><span>&lsquo;<\/span><span>adapter a\u0300 tout moment et sans pre\u0301avis les pre\u0301sentes conditions ge\u0301ne\u0301rales de vente<\/span><span>, <\/span><span>notamment pour les mettre en conformite\u0301s avec les dispositions le\u0301gales re\u0301glementaires<\/span><span>. <\/span><span>Le client est donc invite\u0301 a\u0300 les consulter de manie\u0300re re\u0301gulie\u0300re et avant toute re\u0301servation de prestation<\/span><span>.<\/span><\/p>\n<p><span>Toutefois<\/span><span>, <\/span><span>les conditions ge\u0301ne\u0301rales applicables a\u0300 chaque prestation seront celles en vigueurs a\u0300 partir du jour de validation de\u0301finitive de la prestation par le client<\/span><span>.<\/span><\/p>\n<p><span>Les pre\u0301sentes conditions ge\u0301ne\u0301rales de vente de\u0301finissent les droits et obligations respectifs des parties contractantes a\u0300 l<\/span><span>&lsquo;<\/span><span>occasion de la vente des prestations de service effectue\u0301es par <\/span><span>BLACK ROAD<\/span><span>.<\/span><\/p>\n<p><span>En signant le devis ou le bon de commande<\/span><span>, <\/span><span>ou acceptant la confirmation de commande<\/span><span>, <\/span><span>le client reconnai\u0302t expresse\u0301ment avoir pris connaissance des pre\u0301sentes conditions ge\u0301ne\u0301rales de vente et les avoir accepte\u0301es<\/span><span>. <\/span><span>Seules les de\u0301rogations faisant l<\/span><span>&lsquo;<\/span><span>objet d<\/span><span>&lsquo;<\/span><span>un accord e\u0301crit du vendeur peuvent modifier l<\/span><span>&lsquo;<\/span><span>application des pre\u0301sentes conditions ge\u0301ne\u0301rales<\/span><\/p>\n<p>1<b> <\/b><b><span>&#8211; <\/span><span>Formation du contrat de prestation de transport<\/span><\/b><\/p>\n<p><span>La re\u0301servation d<\/span><span>&lsquo;<\/span><span>une prestation peut e\u0302tre effectue\u0301e<\/span><span>, <\/span><span>24h<\/span><span>\/<\/span><span>24 et 7j<\/span><span>\/<\/span><span>7 soit par e<\/span><span>&#8211;<\/span><span>mail <\/span><span>contact<\/span><span>@<\/span><span>black<\/span><span>&#8211;<\/span><span>road<\/span><span>.<\/span><span>fr <\/span><span>ou par te\u0301le\u0301phone au <\/span><span>+<\/span><span>33<\/span><span>(<\/span><span>1<\/span><span>) <\/span><span>79 73 79 77 <\/span><span>ou directement via notre site internet <\/span><span>www<\/span><span>.<\/span><span>black<\/span><span>&#8211;<\/span><span>road<\/span><span>.<\/span><span>fr <\/span><span>. <\/span><span>La re\u0301servation par te\u0301le\u0301phone doit avoir lieu au minimum 2 heures avant l<\/span><span>&lsquo;<\/span><span>heure du de\u0301but de la prestation <\/span><span>(<\/span><span>ce de\u0301lai pouvant e\u0302tre re\u0301duit selon le coordinateur en fonction de la disponibilite\u0301 des ve\u0301hicules<\/span><span>).<br><\/span><span>Le client s<\/span><span>&lsquo;<\/span><span>engage a\u0300 fournir toutes les informations concernant sa demande de prestation<\/span><span>. <\/span><span>Il est seul responsable de ces informations dont les suivantes sont conside\u0301re\u0301es comme essentielles au contrat <\/span><span>: <\/span><span>date de la prestation<\/span><span>, <\/span><span>lieu de prise en charge<\/span><span>, <\/span><span>lieu de de\u0301pose<\/span><span>, <\/span><span>horaire de prise en charge souhaite\u0301e<\/span><span>, <\/span><span>nombre de passager<\/span><span>(<\/span><span>s<\/span><span>), <\/span><span>nombre de bagage<\/span><span>(<\/span><span>s<\/span><span>), <\/span><span>nature de la prestation <\/span><span>(<\/span><span>transfert<\/span><span>, <\/span><span>mise a\u0300 disposition<\/span><span>). <\/span><span>BLACK ROAD <\/span><span>fixe le prix de la prestation en fonction notamment des informations fournies par le client<\/span><span>. <\/span><span>La re\u0301servation de la prestation deviendra contractuelle et sera conside\u0301re\u0301e comme ferme et de\u0301finitive entre les parties apre\u0300s retour du devis accepte\u0301 par le client avec la mention <\/span><span>\u00ab\u00a0<\/span><span>bon pour accord<\/span><span>\u00ab\u00a0.<\/span><\/p>\n<\/div>\n<\/div>\n<\/div>\t\t\t\t\t\t\t\t<\/div>\n\t\t\t\t<\/div>\n\t\t\t\t\t<\/div>\n\t\t<\/div>\n\t\t\t\t<div class=\"elementor-column elementor-col-50 elementor-top-column elementor-element elementor-element-9966cf2\" data-id=\"9966cf2\" data-element_type=\"column\" data-e-type=\"column\">\n\t\t\t<div class=\"elementor-widget-wrap elementor-element-populated\">\n\t\t\t\t\t\t<div class=\"elementor-element elementor-element-b9624fa elementor-widget elementor-widget-text-editor\" data-id=\"b9624fa\" data-element_type=\"widget\" data-e-type=\"widget\" data-widget_type=\"text-editor.default\">\n\t\t\t\t<div class=\"elementor-widget-container\">\n\t\t\t\t\t\t\t\t\t<div class=\"page\" title=\"Page 4\"><div class=\"layoutArea\"><div class=\"column\"><p><b><span>4.1 <\/span><span>&#8211; <\/span><span>Retard<\/span><\/b><\/p><p><span>Une fois la validation de la re\u0301servation<\/span><span>, <\/span><span>le client devra se pre\u0301senter au lieu<\/span><span>\/<\/span><span>jour et heure convenu figurant sur le bon de commande<\/span><span>.<br \/><\/span><span>Pour un meilleur suivi<\/span><span>, <\/span><span>le client recevra par mail ou sms <\/span><span>&#8211; <\/span><span>selon la convenance <\/span><span>&#8211; <\/span><span>l<\/span><span>&lsquo;<\/span><span>arrive\u0301e de son chauffeur<\/span><span>.<\/span><\/p><p><span>En cas d<\/span><span>&lsquo;<\/span><span>attente du chauffeur<\/span><span>, <\/span><span>des frais supple\u0301mentaires seront impute\u0301s automatiquement au montant initial du devis<\/span><span>, <\/span><span>au<\/span><span>&#8211;<\/span><span>dela\u0300 de 15 minutes pour les transferts villes et gares<\/span><span>, et 1 heure pour les a\u00e9roports\u00a0<\/span><span>en fonction de la gamme choisie. Toute heure entam\u00e9e est due.\u00a0<\/span><span>En cas de non-pre\u0301sentation du client et sans re\u0301ponse de sa part aux relances du chauffeur<\/span><span>, <\/span><span>celui<\/span><span>&#8211;<\/span><span>ci sera libre de partir apre\u0300s une pe\u0301riode de 30 minutes<\/span><span>.<\/span><\/p><p><b><span>4.2 <\/span><span>&#8211; <\/span><\/b><span><b>Annulation de la prestation<\/b><br \/><\/span><span>Une prestation peut e\u0302tre annule\u0301e par le client<\/span><span>, <\/span><span>par soucis de logistique et d<\/span><span>&lsquo;<\/span><span>organisation des frais\u00a0<\/span><span style=\"font-size: inherit; color: var( --e-global-color-secondary ); background-color: var( --e-global-color-primary );\">d<\/span><span style=\"font-size: inherit; color: var( --e-global-color-secondary ); background-color: var( --e-global-color-primary );\">&lsquo;<\/span><span style=\"font-size: inherit; color: var( --e-global-color-secondary ); background-color: var( --e-global-color-primary );\">annulation peuvent e\u0302tre exige\u0301es au client <\/span><span style=\"font-size: inherit; color: var( --e-global-color-secondary ); background-color: var( --e-global-color-primary );\">:<\/span><\/p><p><span>&#8211; A\u0300 plus de 48 heures avant le de\u0301but de la re\u0301servation<\/span><span>, <\/span><span>le client conserve la possibilite\u0301 d<\/span><span>&lsquo;<\/span><span>annuler sans frais<\/span><span>,<\/span><\/p><p><span>&#8211; <\/span><span>A\u0300 moins de 48 heures avant le de\u0301but de la re\u0301servation<\/span><span>, <\/span><span>le client devra s\u2019acquitter des frais<\/span><span>,<\/span><\/p><p><span>\u00a0<\/span><span>Si le client annule sa re\u0301servation<\/span><span>, <\/span><span>alors que le chauffeur est de\u0301ja\u0300 sur le lieu de prise en charge<\/span><span>, <\/span><span>il lui sera re\u0301clame\u0301 la totalite\u0301 du montant du\u0302<\/span><span>,<\/span><\/p><p><span>\u00a0\u00a0<\/span><span>En cas de non pre\u0301sentation du client<\/span><span>, <\/span><span>sur le lieu de de\u0301part a\u0300 l<\/span><span>&lsquo;<\/span><span>adresse indique\u0301e et a\u0300 l<\/span><span>&lsquo;<\/span><span>heure pre\u0301vue sur le bon de commande<\/span><span>, <\/span><span>la valeur inte\u0301grale de la course commande\u0301e est facture\u0301e au client<\/span><span>.<\/span><\/p><p><b><span>5<\/span><span>.<\/span><span>1 <\/span><span>&#8211; <\/span><span>Responsabilite\u0301s<\/span><\/b><\/p><p><span>BLACK ROAD LIMO\u00a0<\/span><span>est garantie par une compagnie d<\/span><span>&lsquo;<\/span><span>assurance notoirement solvable qui couvre les risques lie\u0301s a\u0300 son activite\u0301 conforme\u0301ment a\u0300 la re\u0301glementation en vigueur<\/span><span>.<br \/><\/span><span>En cas de litige<\/span><span>, <\/span><span>la responsabilite\u0301 de l\u2019entreprise BLACK <\/span><span>ROAD LIMO ne <\/span><span>pourra e\u0302tre retenue qu<\/span><span>&lsquo;<\/span><span>a\u0300 la condition que le client rapporte une preuve d<\/span><span>&lsquo;<\/span><span>un comportement fautif de cette dernie\u0300re et d<\/span><span>&lsquo;<\/span><span>un lien de causalite\u0301 avec le pre\u0301judice invoque\u0301<\/span><span>.<\/span><\/p><p><span>L<\/span><span>&lsquo;<\/span><span>assurance de l<\/span><span>&lsquo;<\/span><span>entreprise <\/span><span>BLACK ROAD LIMO <\/span><span>couvre les responsabilite\u0301s lie\u0301es a\u0300 l<\/span><span>&lsquo;<\/span><span>entreprise<\/span><span>. <\/span><span>Le client est responsable de ses actes juridiquement et pe\u0301nalement<\/span><span>.<\/span><\/p><p><b><span>5<\/span><span>.<\/span><span>1 <\/span><span>&#8211; <\/span><span>Responsabilite\u0301s du client et des personnes transporte\u0301es<\/span><\/b><\/p><p><span>Le client s<\/span><span>&lsquo;<\/span><span>engage pour lui<\/span><span>&#8211;<\/span><span>me\u0302me et pour les passagers pour lesquels il a contracte\u0301 avec <\/span><span>BLACK ROAD <\/span><span>a\u0300 se comporter en <\/span><span>\u00ab\u00a0<\/span><span>bon pe\u0300re de famille<\/span><span>\u00a0\u00bb <\/span><span>de\u0300s la prise en charge<\/span><span>, <\/span><span>en particulier<\/span><span>, <\/span><span>en respectant le chauffeur et le ve\u0301hicule ainsi que les dispositions suivantes <\/span><span>:<\/span><\/p><p><span>&#8211; <\/span><span>Respect des re\u0300gles du Code de la Route <\/span><span>(<\/span><span>port de la ceinture de se\u0301curite\u0301<\/span><span>, <\/span><span>sie\u0300ge auto<\/span><span>, <\/span><span>rehausseur en ayant fait la demande lors de la re\u0301servation<\/span><span>&#8230;),<br \/><\/span><span>&#8211; <\/span><span>Interdiction de fumer<\/span><span>, <\/span><span>de consommer de l<\/span><span>&lsquo;<\/span><span>alcool<\/span><span>, <\/span><span>de manger ou de transporter des matie\u0300res dangereuses<\/span><span>. <\/span><span>Au besoin<\/span><span>, <\/span><span>le chauffeur fera un arre\u0302t sur le trajet<\/span><span>,<\/span><\/p><p><span>&#8211; <\/span><span>Toute de\u0301gradation du ve\u0301hicule<\/span><span>, <\/span><span>du fait du client<\/span><span>, <\/span><span>sera inte\u0301gralement a\u0300 sa charge<\/span><span>,<br \/><\/span><span>&#8211; <\/span><span>Pour toutes autres de\u0301gradations entrai\u0302nant une immobilisation du ve\u0301hicule un forfait fixe d<\/span><span>&lsquo;<\/span><span>un mon<\/span><span>t<\/span><span>an<\/span><span>t <\/span><span>de <\/span><span>1<\/span><span>50<\/span><span>,<\/span><span>00<\/span><span>\u20ac<\/span><span>, <\/span><span>s<\/span><span>era app<\/span><span>li<\/span><span>que\u0301 de <\/span><span>s<\/span><span>u<\/span><span>it<\/span><span>e par <\/span><span>C<\/span><span>B ou e<\/span><span>s<\/span><span>pe\u0300ce<\/span><span>s<\/span><span>,<br \/><\/span><span>&#8211; <\/span><span>Les animaux domestiques<\/span><span>, <\/span><span>de petites tailles<\/span><span>, <\/span><span>sont accepte\u0301s conditions d<\/span><span>&lsquo;<\/span><span>e\u0302tre dans une cage de transport<\/span><span>. <\/span><span>Les chiens d<\/span><span>&lsquo;<\/span><span>assistance de grande taille sont admis<\/span><span>.<\/span><\/p><\/div><\/div><\/div>\t\t\t\t\t\t\t\t<\/div>\n\t\t\t\t<\/div>\n\t\t\t\t\t<\/div>\n\t\t<\/div>\n\t\t\t\t\t<\/div>\n\t\t<\/section>\n\t\t\t\t<section class=\"elementor-section elementor-top-section elementor-element elementor-element-ff26c78 elementor-section-boxed elementor-section-height-default elementor-section-height-default\" data-id=\"ff26c78\" data-element_type=\"section\" data-e-type=\"section\" data-settings=\"{&quot;background_background&quot;:&quot;classic&quot;}\">\n\t\t\t\t\t\t<div class=\"elementor-container elementor-column-gap-default\">\n\t\t\t\t\t<div class=\"elementor-column elementor-col-50 elementor-top-column elementor-element elementor-element-bb5ace7\" data-id=\"bb5ace7\" data-element_type=\"column\" data-e-type=\"column\">\n\t\t\t<div class=\"elementor-widget-wrap elementor-element-populated\">\n\t\t\t\t\t\t<div class=\"elementor-element elementor-element-9c7530b elementor-widget elementor-widget-text-editor\" data-id=\"9c7530b\" data-element_type=\"widget\" data-e-type=\"widget\" data-widget_type=\"text-editor.default\">\n\t\t\t\t<div class=\"elementor-widget-container\">\n\t\t\t\t\t\t\t\t\t<div class=\"page\" title=\"Page 3\"><div class=\"layoutArea\"><div class=\"column\"><p>2<b> <span>&#8211; <\/span><span>Tarif de la prestation<\/span><\/b><\/p><p><span>BLACK ROAD <\/span><span>fixe le prix de la prestation en fonction notamment des informations fournies par le client<\/span><span>. <\/span><span>Les prix indique\u0301s dans nos devis <\/span><span>incluent <\/span><span>la TVA au taux fixe\u0301s par les re\u0301glementations en vigueur pour les prestations de transport <\/span><span>(<\/span><span>10<\/span><span>% <\/span><span>pour les transferts<\/span><span>, <\/span><span>20<\/span><span>% <\/span><span>pour les mises a\u0300 disposition<\/span><span>), <\/span><span>le service chauffeur<\/span><span>, <\/span><span>le carburant et l<\/span><span>&lsquo;<\/span><span>assurance responsabilite\u0301 civile professionnelle illimite\u0301e pour les personnes transporte\u0301es<\/span><span>. <\/span><span>Ne sont pas inclus dans le tarif de la prestation <\/span><span>:<\/span><\/p><p><span>&#8211; <\/span><span>Les droits d<\/span><span>&lsquo;<\/span><span>entre\u0301e dans les sites<\/span><span>, <\/span><span>lieux publics ou autres <\/span><span>(<\/span><span>ex <\/span><span>: <\/span><span>monuments<\/span><span>, <\/span><span>exposition<\/span><span>&#8230;),<br \/><\/span><span>&#8211; <\/span><span>Les frais de parking<\/span><span>,<br \/><\/span><span>&#8211; <\/span><span>Les frais d<\/span><span>&lsquo;<\/span><span>he\u0301bergement du chauffeur en cas de long trajet sauf s<\/span><span>&lsquo;<\/span><span>ils apparaissent sur une ligne distincte lors de l<\/span><span>&lsquo;<\/span><span>e\u0301tablissement du devis<\/span><span>.<\/span><\/p><p><span>Toutes prestations supple\u0301mentaires demande\u0301es par le client<\/span><span>, <\/span><span>non pre\u0301vues dans le devis initial feront l<\/span><span>&lsquo;<\/span><span>objet d<\/span><span>&lsquo;<\/span><span>une facturation comple\u0301mentaire<\/span><span>.<\/span><\/p><p><b><span>3.1 <\/span><span>&#8211; <\/span><span>Paiement de la prestation pour les particuliers<\/span><\/b><\/p><p><span>Les tarifs indique\u0301s par le vendeur sont libelle\u0301s en Euro<\/span><span>, <\/span><span>toutes taxes comprises<\/span><span>. <\/span><span>Les prestations sont payables comptant aupre\u0300s du chauffeur<\/span><span>, <\/span><span>une fois le lieu de destination atteint par les moyens de paiement suivants <\/span><span>: <\/span><span>Espe\u0300ces ou cartes bancaires<\/span><span>.<\/span><\/p><p>3<b>.2 <\/b><b><span>&#8211; <\/span><span>Paiement de la prestation pour les professionnels<\/span><\/b><\/p><p><span>Pour les clients professionnels<\/span><span>, <\/span><span>la facturation pourra perte e\u0301tablie de manie\u0300re mensuelle a\u0300 partir des bons de commande e\u0301tablis a\u0300 l<\/span><span>&lsquo;<\/span><span>occasion de chaque prestation<\/span><span>.<br \/><\/span><span>Tout retard ou de\u0301faut de paiement peut entrai\u0302ner de plein droit <\/span><span>:<\/span><\/p><p><span>&#8211; <\/span><span>L<\/span><span>&lsquo;<\/span><span>exigibilite\u0301 imme\u0301diate de la somme restante due<\/span><span>,<br \/><\/span><span>&#8211; <\/span><span>La suspension de l<\/span><span>&lsquo;<\/span><span>exe\u0301cution des prestations en cours et futures conclues avec le client<\/span><\/p><p><\/p><\/div><\/div><\/div>\t\t\t\t\t\t\t\t<\/div>\n\t\t\t\t<\/div>\n\t\t\t\t\t<\/div>\n\t\t<\/div>\n\t\t\t\t<div class=\"elementor-column elementor-col-50 elementor-top-column elementor-element elementor-element-11b7d7f\" data-id=\"11b7d7f\" data-element_type=\"column\" data-e-type=\"column\">\n\t\t\t<div class=\"elementor-widget-wrap elementor-element-populated\">\n\t\t\t\t\t\t<div class=\"elementor-element elementor-element-e60ef28 elementor-widget elementor-widget-text-editor\" data-id=\"e60ef28\" data-element_type=\"widget\" data-e-type=\"widget\" data-widget_type=\"text-editor.default\">\n\t\t\t\t<div class=\"elementor-widget-container\">\n\t\t\t\t\t\t\t\t\t<div class=\"page\" title=\"Page 5\"><div class=\"layoutArea\"><div class=\"column\"><p><span>Le non<\/span><span>&#8211;<\/span><span>respect de ces dispositions engage la responsabilite\u0301 exclusive du client et des passagers tant a\u0300 l<\/span><span>&lsquo;<\/span><span>e\u0301gard de <\/span><span>BLACK ROAD <\/span><span>LIMO que des tiers<\/span><span>. <\/span><span>L<\/span><span>&lsquo;<\/span><span>entreprise <\/span><span>BLACK ROAD LIMO de\u0301cline <\/span><span>toute responsabilite\u0301 concernant les agissements de son client avant et apre\u0300s son transport<\/span><span>. <\/span><span>BLACK ROAD LIMO <\/span><span>se re\u0301serve le droit de refuser la prise en charge<\/span><span>, <\/span><span>ou de de\u0301barquer<\/span><span>, <\/span><span>un passager sous l<\/span><span>&lsquo;<\/span><span>emprise de l<\/span><span>&lsquo;<\/span><span>alcool<\/span><span>.<\/span><\/p><p>6<b> <\/b><b><span>&#8211; <\/span><span>Bagages et objets transporte\u0301s<\/span><\/b><\/p><p><span>Les bagages sont accepte\u0301s et demeurent sous la responsabilite\u0301 du client<\/span><span>. <\/span><span>L<\/span><span>&lsquo;<\/span><span>entreprise BLACK ROAD LIMO ne pourra e\u0302tre tenue responsable en cas de de\u0301gradation et<\/span><span>\/<\/span><span>ou de perte d\u2019objets, bagages ou appareil e\u0301lectronique <\/span><span>(<\/span><span>te\u0301le\u0301phone<\/span><span>, <\/span><span>tablette<\/span><span>, <\/span><span>etc<\/span><span>&#8230;.),<br \/><\/span><span>Les bagages doivent e\u0302tre de\u0301pose\u0301s dans le coffre du ve\u0301hicule avec l<\/span><span>&lsquo;<\/span><span>aide du chauffeur<\/span><span>. <\/span><span>Aucun bagage ne peut e\u0302tre confie\u0301 au chauffeur<\/span><span>. <\/span><span>Le chauffeur pourra refuser les bagages dont le poids ou les dimensions sont excessifs<\/span><span>, <\/span><span>ainsi que ceux qu<\/span><span>&lsquo;<\/span><span>il estime pre\u0301judiciables a\u0300 la se\u0301curite\u0301 du transport<\/span><span>.<\/span><\/p><p>7<b> <\/b><b><span>&#8211; <\/span><span>Re\u0301clamations<\/span><\/b><\/p><p><span>Toute re\u0301clamation e\u0301ventuelle devra e\u0302tre formule\u0301e par e\u0301crit dans les 8 jours suivant l<\/span><span>&lsquo;<\/span><span>exe\u0301cution de la prestation par courrier recommande\u0301 avec accuse\u0301 de re\u0301ception adresse\u0301 au sie\u0300ge social de la socie\u0301te\u0301 <\/span><span>\u2013 <\/span><span>BLACK ROAD LIMO 2-10<\/span><span>, <\/span><span>Rue Joseph Terneau 92000 NANTERRE<\/span><span>-.<br \/><\/span><span>Passe\u0301 ce de\u0301lai<\/span><span>, <\/span><span>aucune contestation ne sera prise en compte<\/span><span>.<\/span><\/p><p>8<b> <\/b><b><span>&#8211; <\/span><span>Cas de force majeure<\/span><\/b><\/p><p><span>La responsabilite\u0301 de la socie\u0301te\u0301 <\/span><span>BLACK ROAD LIMO <\/span><span>ne pourra e\u0302tre engage\u0301e si la non<\/span><span>&#8211;<\/span><span>exe\u0301cution de la prestation ou le retard dans l<\/span><span>&lsquo;<\/span><span>exe\u0301cution de celle<\/span><span>&#8211;<\/span><span>ci de\u0301coule d<\/span><span>&lsquo;<\/span><span>un cas de force majeure<\/span><span>. <\/span><span>A\u0300 ce titre la force majeure s<\/span><span>&lsquo;<\/span><span>entend de tout e\u0301ve\u0300nement exte\u0301rieur<\/span><span>, <\/span><span>impre\u0301visible et irre\u0301sistible au sens de l<\/span><span>&lsquo;<\/span><span>article 1148 du code civil<\/span><span>.<\/span><\/p><p>9<b> <\/b><b><span>&#8211; <\/span><span>Droit applicable en cas de litige<\/span><\/b><\/p><p><span>Les pre\u0301sentes conditions ge\u0301ne\u0301rales de vente<\/span><span>, <\/span><span>ainsi que l<\/span><span>&lsquo;<\/span><span>ensemble des rapports contractuels qui pourraient en de\u0301couler sont soumises au droit franc\u0327ais<\/span><span>.<br \/><\/span><span>Dans l<\/span><span>&lsquo;<\/span><span>hypothe\u0300se ou\u0300 un litige surviendrait entre le client et le vendeur<\/span><span>, <\/span><span>les parties s<\/span><span>&lsquo;<\/span><span>engagent a\u0300 rechercher une solution amiable prenant en compte les inte\u0301re\u0302ts de chacune d<\/span><span>&lsquo;<\/span><span>elles avant d<\/span><span>&lsquo;<\/span><span>engager toute action judiciaire<\/span><span>.<\/span><\/p><p><span>A de\u0301faut<\/span><span>, <\/span><span>seul le tribunal de Nanterre sera compe\u0301tent<\/span><span>.<\/span><\/p><\/div><\/div><\/div>\t\t\t\t\t\t\t\t<\/div>\n\t\t\t\t<\/div>\n\t\t\t\t\t<\/div>\n\t\t<\/div>\n\t\t\t\t\t<\/div>\n\t\t<\/section>\n\t\t\t\t<section class=\"elementor-section elementor-top-section elementor-element elementor-element-a4e8018 elementor-section-boxed elementor-section-height-default elementor-section-height-default\" data-id=\"a4e8018\" data-element_type=\"section\" data-e-type=\"section\" data-settings=\"{&quot;background_background&quot;:&quot;classic&quot;}\">\n\t\t\t\t\t\t<div class=\"elementor-container elementor-column-gap-default\">\n\t\t\t\t\t<div class=\"elementor-column elementor-col-100 elementor-top-column elementor-element elementor-element-e4195f4\" data-id=\"e4195f4\" data-element_type=\"column\" data-e-type=\"column\">\n\t\t\t<div class=\"elementor-widget-wrap elementor-element-populated\">\n\t\t\t\t\t\t<div class=\"elementor-element elementor-element-edd31f7 elementor-widget elementor-widget-spacer\" data-id=\"edd31f7\" data-element_type=\"widget\" data-e-type=\"widget\" data-widget_type=\"spacer.default\">\n\t\t\t\t<div class=\"elementor-widget-container\">\n\t\t\t\t\t\t\t<div class=\"elementor-spacer\">\n\t\t\t<div class=\"elementor-spacer-inner\"><\/div>\n\t\t<\/div>\n\t\t\t\t\t\t<\/div>\n\t\t\t\t<\/div>\n\t\t\t\t\t<\/div>\n\t\t<\/div>\n\t\t\t\t\t<\/div>\n\t\t<\/section>\n\t\t\t\t<\/div>\n\t\t","protected":false},"excerpt":{"rendered":"<p>SERVICE DE CHAUFFEUR PRIV\u00c9 &#8211; BLACK ROAD LIMO Conditions g\u00e9n\u00e9rales de vente Toute commande effectue\u0301e aupre\u0300s de la socie\u0301te\u0301 BLACK ROAD LIMO &#8211; entrai\u0302ne l&rsquo;acceptation des conditions ge\u0301ne\u0301rales de ventes (ci-dessous) qui font partie inte\u0301grante du contrat de transport signe\u0301 entre BLACK ROAD LIMO et le client. Pre\u0301ambule : La [&hellip;]<\/p>\n","protected":false},"author":1,"featured_media":0,"parent":0,"menu_order":0,"comment_status":"closed","ping_status":"closed","template":"elementor_header_footer","meta":{"_monsterinsights_skip_tracking":false,"_monsterinsights_sitenote_active":false,"_monsterinsights_sitenote_note":"","_monsterinsights_sitenote_category":0,"footnotes":""},"class_list":["post-9807","page","type-page","status-publish","hentry"],"yoast_head":"<!-- This site is optimized with the Yoast SEO plugin v27.5 - https:\/\/yoast.com\/product\/yoast-seo-wordpress\/ -->\n<title>Conditions g\u00e9n\u00e9rales de vente - Black Road Limo<\/title>\n<meta name=\"robots\" content=\"index, follow, max-snippet:-1, max-image-preview:large, max-video-preview:-1\" \/>\n<link rel=\"canonical\" href=\"https:\/\/www.black-road.fr\/fr\/conditions-generales-de-vente-3\/\" \/>\n<meta property=\"og:locale\" content=\"fr_FR\" \/>\n<meta property=\"og:type\" content=\"article\" \/>\n<meta property=\"og:title\" content=\"Conditions g\u00e9n\u00e9rales de vente - Black Road Limo\" \/>\n<meta property=\"og:description\" content=\"SERVICE DE CHAUFFEUR PRIV\u00c9 &#8211; BLACK ROAD LIMO Conditions g\u00e9n\u00e9rales de vente Toute commande effectue\u0301e aupre\u0300s de la socie\u0301te\u0301 BLACK ROAD LIMO &#8211; entrai\u0302ne l&rsquo;acceptation des conditions ge\u0301ne\u0301rales de ventes (ci-dessous) qui font partie inte\u0301grante du contrat de transport signe\u0301 entre BLACK ROAD LIMO et le client. Pre\u0301ambule : La [&hellip;]\" \/>\n<meta property=\"og:url\" content=\"https:\/\/www.black-road.fr\/fr\/conditions-generales-de-vente-3\/\" \/>\n<meta property=\"og:site_name\" content=\"Black Road Limo\" \/>\n<meta property=\"article:modified_time\" content=\"2023-09-07T10:55:25+00:00\" \/>\n<meta name=\"twitter:card\" content=\"summary_large_image\" \/>\n<meta name=\"twitter:label1\" content=\"Dur\u00e9e de lecture estim\u00e9e\" \/>\n\t<meta name=\"twitter:data1\" content=\"9 minutes\" \/>\n<script type=\"application\/ld+json\" class=\"yoast-schema-graph\">{\"@context\":\"https:\\\/\\\/schema.org\",\"@graph\":[{\"@type\":\"WebPage\",\"@id\":\"https:\\\/\\\/www.black-road.fr\\\/fr\\\/conditions-generales-de-vente-3\\\/\",\"url\":\"https:\\\/\\\/www.black-road.fr\\\/fr\\\/conditions-generales-de-vente-3\\\/\",\"name\":\"Conditions g\u00e9n\u00e9rales de vente - Black Road Limo\",\"isPartOf\":{\"@id\":\"https:\\\/\\\/www.black-road.fr\\\/fr\\\/#website\"},\"datePublished\":\"2021-03-03T09:45:11+00:00\",\"dateModified\":\"2023-09-07T10:55:25+00:00\",\"breadcrumb\":{\"@id\":\"https:\\\/\\\/www.black-road.fr\\\/fr\\\/conditions-generales-de-vente-3\\\/#breadcrumb\"},\"inLanguage\":\"fr-FR\",\"potentialAction\":[{\"@type\":\"ReadAction\",\"target\":[\"https:\\\/\\\/www.black-road.fr\\\/fr\\\/conditions-generales-de-vente-3\\\/\"]}]},{\"@type\":\"BreadcrumbList\",\"@id\":\"https:\\\/\\\/www.black-road.fr\\\/fr\\\/conditions-generales-de-vente-3\\\/#breadcrumb\",\"itemListElement\":[{\"@type\":\"ListItem\",\"position\":1,\"name\":\"Accueil\",\"item\":\"https:\\\/\\\/www.black-road.fr\\\/fr\\\/\"},{\"@type\":\"ListItem\",\"position\":2,\"name\":\"Conditions g\u00e9n\u00e9rales de vente\"}]},{\"@type\":\"WebSite\",\"@id\":\"https:\\\/\\\/www.black-road.fr\\\/fr\\\/#website\",\"url\":\"https:\\\/\\\/www.black-road.fr\\\/fr\\\/\",\"name\":\"Black Road Limo\",\"description\":\"Service de Chauffeurs Priv\u00e9s\",\"publisher\":{\"@id\":\"https:\\\/\\\/www.black-road.fr\\\/fr\\\/#organization\"},\"potentialAction\":[{\"@type\":\"SearchAction\",\"target\":{\"@type\":\"EntryPoint\",\"urlTemplate\":\"https:\\\/\\\/www.black-road.fr\\\/fr\\\/?s={search_term_string}\"},\"query-input\":{\"@type\":\"PropertyValueSpecification\",\"valueRequired\":true,\"valueName\":\"search_term_string\"}}],\"inLanguage\":\"fr-FR\"},{\"@type\":\"Organization\",\"@id\":\"https:\\\/\\\/www.black-road.fr\\\/fr\\\/#organization\",\"name\":\"Black Road Limo\",\"url\":\"https:\\\/\\\/www.black-road.fr\\\/fr\\\/\",\"logo\":{\"@type\":\"ImageObject\",\"inLanguage\":\"fr-FR\",\"@id\":\"https:\\\/\\\/www.black-road.fr\\\/fr\\\/#\\\/schema\\\/logo\\\/image\\\/\",\"url\":\"https:\\/\\/mltb0kcyusoj.i.optimole.com\\/w:auto\\/h:auto\\/q:mauto\\/ig:avif\\/https:\\/\\/www.black-road.fr\\/wp-content\\/uploads\\/2022\\/10\\/Logo-copie.png\",\"contentUrl\":\"https:\\/\\/mltb0kcyusoj.i.optimole.com\\/w:auto\\/h:auto\\/q:mauto\\/ig:avif\\/https:\\/\\/www.black-road.fr\\/wp-content\\/uploads\\/2022\\/10\\/Logo-copie.png\",\"width\":1414,\"height\":1559,\"caption\":\"Black Road Limo\"},\"image\":{\"@id\":\"https:\\\/\\\/www.black-road.fr\\\/fr\\\/#\\\/schema\\\/logo\\\/image\\\/\"}}]}<\/script>\n<!-- \/ Yoast SEO plugin. -->","yoast_head_json":{"title":"Conditions g\u00e9n\u00e9rales de vente - Black Road Limo","robots":{"index":"index","follow":"follow","max-snippet":"max-snippet:-1","max-image-preview":"max-image-preview:large","max-video-preview":"max-video-preview:-1"},"canonical":"https:\/\/www.black-road.fr\/fr\/conditions-generales-de-vente-3\/","og_locale":"fr_FR","og_type":"article","og_title":"Conditions g\u00e9n\u00e9rales de vente - Black Road Limo","og_description":"SERVICE DE CHAUFFEUR PRIV\u00c9 &#8211; BLACK ROAD LIMO Conditions g\u00e9n\u00e9rales de vente Toute commande effectue\u0301e aupre\u0300s de la socie\u0301te\u0301 BLACK ROAD LIMO &#8211; entrai\u0302ne l&rsquo;acceptation des conditions ge\u0301ne\u0301rales de ventes (ci-dessous) qui font partie inte\u0301grante du contrat de transport signe\u0301 entre BLACK ROAD LIMO et le client. Pre\u0301ambule : La [&hellip;]","og_url":"https:\/\/www.black-road.fr\/fr\/conditions-generales-de-vente-3\/","og_site_name":"Black Road Limo","article_modified_time":"2023-09-07T10:55:25+00:00","twitter_card":"summary_large_image","twitter_misc":{"Dur\u00e9e de lecture estim\u00e9e":"9 minutes"},"schema":{"@context":"https:\/\/schema.org","@graph":[{"@type":"WebPage","@id":"https:\/\/www.black-road.fr\/fr\/conditions-generales-de-vente-3\/","url":"https:\/\/www.black-road.fr\/fr\/conditions-generales-de-vente-3\/","name":"Conditions g\u00e9n\u00e9rales de vente - Black Road Limo","isPartOf":{"@id":"https:\/\/www.black-road.fr\/fr\/#website"},"datePublished":"2021-03-03T09:45:11+00:00","dateModified":"2023-09-07T10:55:25+00:00","breadcrumb":{"@id":"https:\/\/www.black-road.fr\/fr\/conditions-generales-de-vente-3\/#breadcrumb"},"inLanguage":"fr-FR","potentialAction":[{"@type":"ReadAction","target":["https:\/\/www.black-road.fr\/fr\/conditions-generales-de-vente-3\/"]}]},{"@type":"BreadcrumbList","@id":"https:\/\/www.black-road.fr\/fr\/conditions-generales-de-vente-3\/#breadcrumb","itemListElement":[{"@type":"ListItem","position":1,"name":"Accueil","item":"https:\/\/www.black-road.fr\/fr\/"},{"@type":"ListItem","position":2,"name":"Conditions g\u00e9n\u00e9rales de vente"}]},{"@type":"WebSite","@id":"https:\/\/www.black-road.fr\/fr\/#website","url":"https:\/\/www.black-road.fr\/fr\/","name":"Black Road Limo","description":"Service de Chauffeurs Priv\u00e9s","publisher":{"@id":"https:\/\/www.black-road.fr\/fr\/#organization"},"potentialAction":[{"@type":"SearchAction","target":{"@type":"EntryPoint","urlTemplate":"https:\/\/www.black-road.fr\/fr\/?s={search_term_string}"},"query-input":{"@type":"PropertyValueSpecification","valueRequired":true,"valueName":"search_term_string"}}],"inLanguage":"fr-FR"},{"@type":"Organization","@id":"https:\/\/www.black-road.fr\/fr\/#organization","name":"Black Road Limo","url":"https:\/\/www.black-road.fr\/fr\/","logo":{"@type":"ImageObject","inLanguage":"fr-FR","@id":"https:\/\/www.black-road.fr\/fr\/#\/schema\/logo\/image\/","url":"https:\/\/mltb0kcyusoj.i.optimole.com\/w:auto\/h:auto\/q:mauto\/ig:avif\/https:\/\/www.black-road.fr\/wp-content\/uploads\/2022\/10\/Logo-copie.png","contentUrl":"https:\/\/mltb0kcyusoj.i.optimole.com\/w:auto\/h:auto\/q:mauto\/ig:avif\/https:\/\/www.black-road.fr\/wp-content\/uploads\/2022\/10\/Logo-copie.png","width":1414,"height":1559,"caption":"Black Road Limo"},"image":{"@id":"https:\/\/www.black-road.fr\/fr\/#\/schema\/logo\/image\/"}}]}},"_links":{"self":[{"href":"https:\/\/www.black-road.fr\/fr\/wp-json\/wp\/v2\/pages\/9807","targetHints":{"allow":["GET"]}}],"collection":[{"href":"https:\/\/www.black-road.fr\/fr\/wp-json\/wp\/v2\/pages"}],"about":[{"href":"https:\/\/www.black-road.fr\/fr\/wp-json\/wp\/v2\/types\/page"}],"author":[{"embeddable":true,"href":"https:\/\/www.black-road.fr\/fr\/wp-json\/wp\/v2\/users\/1"}],"replies":[{"embeddable":true,"href":"https:\/\/www.black-road.fr\/fr\/wp-json\/wp\/v2\/comments?post=9807"}],"version-history":[{"count":86,"href":"https:\/\/www.black-road.fr\/fr\/wp-json\/wp\/v2\/pages\/9807\/revisions"}],"predecessor-version":[{"id":24307,"href":"https:\/\/www.black-road.fr\/fr\/wp-json\/wp\/v2\/pages\/9807\/revisions\/24307"}],"wp:attachment":[{"href":"https:\/\/www.black-road.fr\/fr\/wp-json\/wp\/v2\/media?parent=9807"}],"curies":[{"name":"wp","href":"https:\/\/api.w.org\/{rel}","templated":true}]}}